{"id":4629,"date":"2025-08-27T16:35:34","date_gmt":"2025-08-27T14:35:34","guid":{"rendered":"https:\/\/vertikalelevadores.com\/?page_id=4629"},"modified":"2025-09-04T11:10:57","modified_gmt":"2025-09-04T09:10:57","slug":"normativa-itc","status":"publish","type":"page","link":"https:\/\/vertikalelevadores.com\/ca\/normativa-itc\/","title":{"rendered":"Nova Normativa ITC"},"content":{"rendered":"<div data-elementor-type=\"wp-page\" data-elementor-id=\"4629\" class=\"elementor elementor-4629\">\n\t\t\t\t<div class=\"elementor-element elementor-element-724d8f3 e-flex e-con-boxed wcf-starter-animations-none e-con e-parent\" data-id=\"724d8f3\" data-element_type=\"container\" data-e-type=\"container\" data-settings=\"{&quot;background_background&quot;:&quot;classic&quot;,&quot;wcf-animation&quot;:&quot;none&quot;}\">\n\t\t\t\t\t<div class=\"e-con-inner\">\n\t\t<div class=\"elementor-element elementor-element-f7afb15 e-con-full e-flex wcf-starter-animations-none e-con e-child\" data-id=\"f7afb15\" data-element_type=\"container\" data-e-type=\"container\" data-settings=\"{&quot;wcf-animation&quot;:&quot;none&quot;}\">\n\t\t\t\t<div class=\"elementor-element elementor-element-8a1e1e7 elementor-widget-tablet__width-initial elementor-widget-mobile__width-inherit wcf-starter-animations-none wcf-t-animation-none elementor-widget elementor-widget-wcf--title\" data-id=\"8a1e1e7\" data-element_type=\"widget\" data-e-type=\"widget\" data-settings=\"{&quot;wcf-animation&quot;:&quot;fade&quot;,&quot;wcf_starter_animations&quot;:&quot;none&quot;,&quot;wcf_anim_duration&quot;:1000,&quot;wcf_anim_delay&quot;:0,&quot;wcf_anim_ease&quot;:&quot;ease&quot;,&quot;wcf_text_animation&quot;:&quot;none&quot;,&quot;delay&quot;:0.15,&quot;on-scroll&quot;:1,&quot;fade-from&quot;:&quot;bottom&quot;,&quot;data-duration&quot;:1.5,&quot;ease&quot;:&quot;power2.out&quot;,&quot;fade-offset&quot;:50}\" data-widget_type=\"wcf--title.default\">\n\t\t\t\t<div class=\"elementor-widget-container\">\n\t\t\t\t\t<h1 class=\"wcf--title\">Nova Normativa <span class=\"highlight\">ITC<\/span> 2024<\/h1>\t\t\t\t<\/div>\n\t\t\t\t<\/div>\n\t\t<div class=\"elementor-element elementor-element-58ee671 e-con-full e-flex wcf-starter-animations-none e-con e-child\" data-id=\"58ee671\" data-element_type=\"container\" data-e-type=\"container\" data-settings=\"{&quot;wcf-animation&quot;:&quot;none&quot;}\">\n\t\t\t\t<div class=\"elementor-element elementor-element-93b5dd4 elementor-widget__width-initial wcf-starter-animations-none wcf-t-animation-none elementor-widget elementor-widget-wcf--title\" data-id=\"93b5dd4\" data-element_type=\"widget\" data-e-type=\"widget\" data-settings=\"{&quot;wcf-animation&quot;:&quot;fade&quot;,&quot;data-duration&quot;:0.75,&quot;fade-offset&quot;:40,&quot;wcf_starter_animations&quot;:&quot;none&quot;,&quot;wcf_anim_duration&quot;:1000,&quot;wcf_anim_delay&quot;:0,&quot;wcf_anim_ease&quot;:&quot;ease&quot;,&quot;wcf_text_animation&quot;:&quot;none&quot;,&quot;delay&quot;:0.15,&quot;on-scroll&quot;:1,&quot;fade-from&quot;:&quot;bottom&quot;,&quot;ease&quot;:&quot;power2.out&quot;}\" data-widget_type=\"wcf--title.default\">\n\t\t\t\t<div class=\"elementor-widget-container\">\n\t\t\t\t\t<p class=\"prefix_on_normal wcf--title\">Des de l&#039;1 de juliol del 2024, tots els ascensors instal\u00b7lats a Espanya han de complir amb la nova normativa ITC RD 355\/2024, l&#039;objectiu de la qual \u00e9s refor\u00e7ar la seguretat i l&#039;accessibilitat per als usuaris en edificis i comunitats.<br><br> Si teniu dubtes sobre si el vostre ascensor necessita ser actualitzat, el valorem sense comprom\u00eds i us assessorem sobre els passos necessaris per complir amb la regulaci\u00f3.<\/p>\t\t\t\t<\/div>\n\t\t\t\t<\/div>\n\t\t\t\t<div class=\"elementor-element elementor-element-8efdc37 elementor-widget elementor-widget-wcf--button\" data-id=\"8efdc37\" data-element_type=\"widget\" data-e-type=\"widget\" data-settings=\"{&quot;wcf-animation&quot;:&quot;fade&quot;,&quot;delay&quot;:0.15,&quot;on-scroll&quot;:1,&quot;fade-from&quot;:&quot;bottom&quot;,&quot;data-duration&quot;:1.5,&quot;ease&quot;:&quot;power2.out&quot;,&quot;fade-offset&quot;:50}\" data-widget_type=\"wcf--button.default\">\n\t\t\t\t<div class=\"elementor-widget-container\">\n\t\t\t\t\t\t\t<div class=\"wcf__btn\">\r\n\t\t\t\t\t\t\t<a href=\"#consulta\" class=\"wcf-btn-default btn-rollover-top\">\r\n\t\t\t\t\t<i aria-hidden=\"true\" class=\"helo-theme wcftheme-wcf-icon icon-wcf-plus\"><\/i>\t\t\t\t\tRealitzar una consulta\t\t\t\t<\/a>\r\n\t\t\t\t\t\t<\/div>\r\n\t\t\t\t\t\t<\/div>\n\t\t\t\t<\/div>\n\t\t\t\t<\/div>\n\t\t\t\t<\/div>\n\t\t<div class=\"elementor-element elementor-element-b50d266 e-con-full e-flex wcf-starter-animations-none e-con e-child\" data-id=\"b50d266\" data-element_type=\"container\" data-e-type=\"container\" data-settings=\"{&quot;wcf-animation&quot;:&quot;none&quot;}\">\n\t\t\t\t<div class=\"elementor-element elementor-element-f973063 wcf-starter-animations-none elementor-widget elementor-widget-wcf--image\" data-id=\"f973063\" data-element_type=\"widget\" data-e-type=\"widget\" data-settings=\"{&quot;wcf_starter_animations&quot;:&quot;none&quot;,&quot;wcf_anim_duration&quot;:1000,&quot;wcf_anim_delay&quot;:0,&quot;wcf_anim_ease&quot;:&quot;ease&quot;,&quot;wcf-image-animation&quot;:&quot;none&quot;,&quot;wcf-animation&quot;:&quot;none&quot;}\" data-widget_type=\"wcf--image.default\">\n\t\t\t\t<div class=\"elementor-widget-container\">\n\t\t\t\t\t\t\t<div class=\"wcf--image\">\r\n\t\t\t\t\t\t\t<img fetchpriority=\"high\" decoding=\"async\" width=\"635\" height=\"665\" src=\"https:\/\/vertikalelevadores.com\/wp-content\/uploads\/2025\/08\/Vertikal_NormaITC.webp\" class=\"attachment-full size-full wp-image-4643\" alt=\"\" srcset=\"https:\/\/vertikalelevadores.com\/wp-content\/uploads\/2025\/08\/Vertikal_NormaITC.webp 635w, https:\/\/vertikalelevadores.com\/wp-content\/uploads\/2025\/08\/Vertikal_NormaITC-286x300.webp 286w\" sizes=\"(max-width: 635px) 100vw, 635px\" \/>\t\t\t\t\t\t<\/div>\r\n\t\t\t\t\t\t<\/div>\n\t\t\t\t<\/div>\n\t\t\t\t<\/div>\n\t\t\t\t\t<\/div>\n\t\t\t\t<\/div>\n\t\t<div class=\"elementor-element elementor-element-4efc0b8 e-flex e-con-boxed wcf-starter-animations-none e-con e-parent\" data-id=\"4efc0b8\" data-element_type=\"container\" data-e-type=\"container\" data-settings=\"{&quot;wcf-animation&quot;:&quot;none&quot;}\">\n\t\t\t\t\t<div class=\"e-con-inner\">\n\t\t\t\t<div class=\"elementor-element elementor-element-abfabed elementor-widget elementor-widget-video\" data-id=\"abfabed\" data-element_type=\"widget\" data-e-type=\"widget\" data-settings=\"{&quot;video_type&quot;:&quot;hosted&quot;,&quot;wcf-animation&quot;:&quot;fade&quot;,&quot;fade-from&quot;:&quot;left&quot;,&quot;controls&quot;:&quot;yes&quot;,&quot;delay&quot;:0.15,&quot;on-scroll&quot;:1,&quot;data-duration&quot;:1.5,&quot;ease&quot;:&quot;power2.out&quot;,&quot;fade-offset&quot;:50}\" data-widget_type=\"video.default\">\n\t\t\t\t<div class=\"elementor-widget-container\">\n\t\t\t\t\t\t\t<div class=\"e-hosted-video elementor-wrapper elementor-open-inline\">\n\t\t\t\t\t<video class=\"elementor-video\" src=\"https:\/\/vertikalelevadores.com\/wp-content\/uploads\/2025\/09\/Vertikal_Normativa-ITC.mp4\" controls=\"\" preload=\"metadata\" controlslist=\"nodownload\" poster=\"https:\/\/vertikalelevadores.com\/wp-content\/uploads\/2025\/08\/Vertikal_NormativaITC_VideoCover.webp\"><\/video>\n\t\t\t\t<\/div>\n\t\t\t\t\t\t<\/div>\n\t\t\t\t<\/div>\n\t\t<div class=\"elementor-element elementor-element-1ca0439 e-con-full e-flex wcf-starter-animations-none e-con e-child\" data-id=\"1ca0439\" data-element_type=\"container\" data-e-type=\"container\" data-settings=\"{&quot;wcf-animation&quot;:&quot;none&quot;}\">\n\t\t\t\t<div class=\"elementor-element elementor-element-05d7da0 wcf-t-animation-word wcf-starter-animations-none elementor-widget elementor-widget-wcf--title\" data-id=\"05d7da0\" data-element_type=\"widget\" data-e-type=\"widget\" data-settings=\"{&quot;wcf_text_animation&quot;:&quot;word&quot;,&quot;text_duration&quot;:0.75,&quot;wcf_starter_animations&quot;:&quot;none&quot;,&quot;wcf_anim_duration&quot;:1000,&quot;wcf_anim_delay&quot;:0,&quot;wcf_anim_ease&quot;:&quot;ease&quot;,&quot;text_delay&quot;:0.15,&quot;text_stagger&quot;:0.02,&quot;text_on_scroll&quot;:&quot;yes&quot;,&quot;text_translate_x&quot;:20,&quot;text_translate_y&quot;:0,&quot;wcf-animation&quot;:&quot;none&quot;}\" data-widget_type=\"wcf--title.default\">\n\t\t\t\t<div class=\"elementor-widget-container\">\n\t\t\t\t\t<h3 class=\"wcf--title\">Qu\u00e8 implica \n<br>per a tu?<\/h3>\t\t\t\t<\/div>\n\t\t\t\t<\/div>\n\t\t\t\t<div class=\"elementor-element elementor-element-8a1e93a elementor-widget__width-initial wcf-starter-animations-none wcf-t-animation-none elementor-widget elementor-widget-wcf--text\" data-id=\"8a1e93a\" data-element_type=\"widget\" data-e-type=\"widget\" data-settings=\"{&quot;wcf-animation&quot;:&quot;fade&quot;,&quot;data-duration&quot;:0.75,&quot;fade-offset&quot;:40,&quot;wcf_starter_animations&quot;:&quot;none&quot;,&quot;wcf_anim_duration&quot;:1000,&quot;wcf_anim_delay&quot;:0,&quot;wcf_anim_ease&quot;:&quot;ease&quot;,&quot;wcf_text_animation&quot;:&quot;none&quot;,&quot;delay&quot;:0.15,&quot;on-scroll&quot;:1,&quot;fade-from&quot;:&quot;bottom&quot;,&quot;ease&quot;:&quot;power2.out&quot;}\" data-widget_type=\"wcf--text.default\">\n\t\t\t\t<div class=\"elementor-widget-container\">\n\t\t\t\t\t<div class=\"wcf--text\"><p><strong>Descobriu tots els canvis de la nova normativa ITC en nom\u00e9s 1 minut.<\/strong><\/p><\/div>\t\t\t\t<\/div>\n\t\t\t\t<\/div>\n\t\t\t\t<\/div>\n\t\t\t\t\t<\/div>\n\t\t\t\t<\/div>\n\t\t<div class=\"elementor-element elementor-element-592ac6f e-flex e-con-boxed wcf-starter-animations-none e-con e-parent\" data-id=\"592ac6f\" data-element_type=\"container\" data-e-type=\"container\" data-settings=\"{&quot;wcf-animation&quot;:&quot;none&quot;}\">\n\t\t\t\t\t<div class=\"e-con-inner\">\n\t\t<div class=\"elementor-element elementor-element-5dbe91c e-con-full e-flex wcf-starter-animations-none e-con e-child\" data-id=\"5dbe91c\" data-element_type=\"container\" data-e-type=\"container\" data-settings=\"{&quot;wcf-animation&quot;:&quot;none&quot;}\">\n\t\t\t\t<div class=\"elementor-element elementor-element-a93714f wcf-t-animation-word wcf-starter-animations-none elementor-widget elementor-widget-wcf--title\" data-id=\"a93714f\" data-element_type=\"widget\" data-e-type=\"widget\" data-settings=\"{&quot;wcf_text_animation&quot;:&quot;word&quot;,&quot;text_duration&quot;:0.75,&quot;wcf_starter_animations&quot;:&quot;none&quot;,&quot;wcf_anim_duration&quot;:1000,&quot;wcf_anim_delay&quot;:0,&quot;wcf_anim_ease&quot;:&quot;ease&quot;,&quot;text_delay&quot;:0.15,&quot;text_stagger&quot;:0.02,&quot;text_on_scroll&quot;:&quot;yes&quot;,&quot;text_translate_x&quot;:20,&quot;text_translate_y&quot;:0,&quot;wcf-animation&quot;:&quot;none&quot;}\" data-widget_type=\"wcf--title.default\">\n\t\t\t\t<div class=\"elementor-widget-container\">\n\t\t\t\t\t<h2 class=\"wcf--title\">Actualitza el teu ascensor amb <br><span class=\"highlight\">Vertikal Elevadors<\/span><br> i compleix la ITC<\/h2>\t\t\t\t<\/div>\n\t\t\t\t<\/div>\n\t\t\t\t<div class=\"elementor-element elementor-element-ed5f384 elementor-widget__width-initial wcf-starter-animations-none wcf-t-animation-none elementor-widget elementor-widget-wcf--text\" data-id=\"ed5f384\" data-element_type=\"widget\" data-e-type=\"widget\" data-settings=\"{&quot;wcf-animation&quot;:&quot;fade&quot;,&quot;data-duration&quot;:0.75,&quot;fade-offset&quot;:40,&quot;wcf_starter_animations&quot;:&quot;none&quot;,&quot;wcf_anim_duration&quot;:1000,&quot;wcf_anim_delay&quot;:0,&quot;wcf_anim_ease&quot;:&quot;ease&quot;,&quot;wcf_text_animation&quot;:&quot;none&quot;,&quot;delay&quot;:0.15,&quot;on-scroll&quot;:1,&quot;fade-from&quot;:&quot;bottom&quot;,&quot;ease&quot;:&quot;power2.out&quot;}\" data-widget_type=\"wcf--text.default\">\n\t\t\t\t<div class=\"elementor-widget-container\">\n\t\t\t\t\t<div class=\"wcf--text\"><p>Des de l&#039;1 de juliol del 2024, tots els ascensors instal\u00b7lats a Espanya han de complir amb la nova normativa ITC RD 355\/2024, pensada per refor\u00e7ar la seguretat i accessibilitat dels usuaris en edificis i comunitats. <br \/>Si tens dubtes sobre si el teu ascensor necessita ser actualitzat, a <strong>Vertikal Elevadors<\/strong> valorem el teu cas sense comprom\u00eds i t&#039;assessorem sobre els passos necessaris per complir la regulaci\u00f3.<br \/><br \/>Les seg\u00fcents mesures de seguretat s\u00f3n obligat\u00f2ries i seran revisades a les inspeccions peri\u00f2diques a partir d&#039;aquesta data.<\/p><\/div>\t\t\t\t<\/div>\n\t\t\t\t<\/div>\n\t\t\t\t<\/div>\n\t\t<div class=\"elementor-element elementor-element-168dbf3 e-con-full e-flex wcf-starter-animations-none e-con e-child\" data-id=\"168dbf3\" data-element_type=\"container\" data-e-type=\"container\" data-settings=\"{&quot;wcf-animation&quot;:&quot;none&quot;}\">\n\t\t<div class=\"elementor-element elementor-element-cc88e6a e-con-full e-flex wcf-starter-animations-none e-con e-child\" data-id=\"cc88e6a\" data-element_type=\"container\" data-e-type=\"container\" data-settings=\"{&quot;wcf-animation&quot;:&quot;fade&quot;,&quot;fade-from&quot;:&quot;left&quot;,&quot;data-duration&quot;:0.75,&quot;fade-offset&quot;:40,&quot;delay&quot;:0.15,&quot;on-scroll&quot;:1,&quot;ease&quot;:&quot;power2.out&quot;}\">\n\t\t<div class=\"elementor-element elementor-element-1514759 e-con-full e-flex wcf-starter-animations-none e-con e-child\" data-id=\"1514759\" data-element_type=\"container\" data-e-type=\"container\" data-settings=\"{&quot;wcf-animation&quot;:&quot;none&quot;}\">\n\t\t\t\t<div class=\"elementor-element elementor-element-7cb7494 wcf-starter-animations-none elementor-widget elementor-widget-wcf--image\" data-id=\"7cb7494\" data-element_type=\"widget\" data-e-type=\"widget\" data-settings=\"{&quot;wcf_starter_animations&quot;:&quot;none&quot;,&quot;wcf_anim_duration&quot;:1000,&quot;wcf_anim_delay&quot;:0,&quot;wcf_anim_ease&quot;:&quot;ease&quot;,&quot;wcf-image-animation&quot;:&quot;none&quot;,&quot;wcf-animation&quot;:&quot;none&quot;}\" data-widget_type=\"wcf--image.default\">\n\t\t\t\t<div class=\"elementor-widget-container\">\n\t\t\t\t\t\t\t<div class=\"wcf--image\">\r\n\t\t\t\t\t\t\t<img decoding=\"async\" width=\"150\" height=\"300\" src=\"https:\/\/vertikalelevadores.com\/wp-content\/uploads\/2025\/08\/Vertikal_Normativa-itc_01.webp\" class=\"attachment-full size-full wp-image-4658\" alt=\"\" \/>\t\t\t\t\t\t<\/div>\r\n\t\t\t\t\t\t<\/div>\n\t\t\t\t<\/div>\n\t\t\t\t<\/div>\n\t\t<div class=\"elementor-element elementor-element-6ac0100 e-con-full e-flex wcf-starter-animations-none e-con e-child\" data-id=\"6ac0100\" data-element_type=\"container\" data-e-type=\"container\" data-settings=\"{&quot;wcf-animation&quot;:&quot;none&quot;}\">\n\t\t<div class=\"elementor-element elementor-element-1a99fb8 e-con-full e-flex wcf-starter-animations-none e-con e-child\" data-id=\"1a99fb8\" data-element_type=\"container\" data-e-type=\"container\" data-settings=\"{&quot;wcf-animation&quot;:&quot;none&quot;}\">\n\t\t\t\t<div class=\"elementor-element elementor-element-2812065 wcf-starter-animations-none wcf-t-animation-none elementor-widget elementor-widget-wcf--title\" data-id=\"2812065\" data-element_type=\"widget\" data-e-type=\"widget\" data-settings=\"{&quot;wcf_starter_animations&quot;:&quot;none&quot;,&quot;wcf_anim_duration&quot;:1000,&quot;wcf_anim_delay&quot;:0,&quot;wcf_anim_ease&quot;:&quot;ease&quot;,&quot;wcf_text_animation&quot;:&quot;none&quot;,&quot;wcf-animation&quot;:&quot;none&quot;}\" data-widget_type=\"wcf--title.default\">\n\t\t\t\t<div class=\"elementor-widget-container\">\n\t\t\t\t\t<h3 class=\"wcf--title\">Anivellaci\u00f3 precisa de la cabina<\/h3>\t\t\t\t<\/div>\n\t\t\t\t<\/div>\n\t\t\t\t<div class=\"elementor-element elementor-element-bf6d8d1 wcf-starter-animations-none wcf-t-animation-none elementor-widget elementor-widget-wcf--text\" data-id=\"bf6d8d1\" data-element_type=\"widget\" data-e-type=\"widget\" data-settings=\"{&quot;wcf_starter_animations&quot;:&quot;none&quot;,&quot;wcf_anim_duration&quot;:1000,&quot;wcf_anim_delay&quot;:0,&quot;wcf_anim_ease&quot;:&quot;ease&quot;,&quot;wcf_text_animation&quot;:&quot;none&quot;,&quot;wcf-animation&quot;:&quot;none&quot;}\" data-widget_type=\"wcf--text.default\">\n\t\t\t\t<div class=\"elementor-widget-container\">\n\t\t\t\t\t<div class=\"wcf--text\"><p>La normativa exigeix que l&#039;ascensor s&#039;aturi amb m\u00e0xima precisi\u00f3, alineant el terra de la cabina i el pis en un marge de \u00b110 mm per evitar ensopegades i caigudes. Depenent de la intervenci\u00f3 (reparaci\u00f3, accident o inspecci\u00f3), els terminis dadaptaci\u00f3 varien entre immediat i fins a un any.<\/p><\/div>\t\t\t\t<\/div>\n\t\t\t\t<\/div>\n\t\t\t\t<\/div>\n\t\t\t\t<\/div>\n\t\t\t\t<\/div>\n\t\t<div class=\"elementor-element elementor-element-c82412b e-con-full e-flex wcf-starter-animations-none e-con e-child\" data-id=\"c82412b\" data-element_type=\"container\" data-e-type=\"container\" data-settings=\"{&quot;wcf-animation&quot;:&quot;fade&quot;,&quot;delay&quot;:0.3,&quot;fade-from&quot;:&quot;left&quot;,&quot;data-duration&quot;:0.75,&quot;fade-offset&quot;:40,&quot;on-scroll&quot;:1,&quot;ease&quot;:&quot;power2.out&quot;}\">\n\t\t<div class=\"elementor-element elementor-element-c4efd16 e-con-full e-flex wcf-starter-animations-none e-con e-child\" data-id=\"c4efd16\" data-element_type=\"container\" data-e-type=\"container\" data-settings=\"{&quot;wcf-animation&quot;:&quot;none&quot;}\">\n\t\t\t\t<div class=\"elementor-element elementor-element-e5eb3bd wcf-starter-animations-none elementor-widget elementor-widget-wcf--image\" data-id=\"e5eb3bd\" data-element_type=\"widget\" data-e-type=\"widget\" data-settings=\"{&quot;wcf_starter_animations&quot;:&quot;none&quot;,&quot;wcf_anim_duration&quot;:1000,&quot;wcf_anim_delay&quot;:0,&quot;wcf_anim_ease&quot;:&quot;ease&quot;,&quot;wcf-image-animation&quot;:&quot;none&quot;,&quot;wcf-animation&quot;:&quot;none&quot;}\" data-widget_type=\"wcf--image.default\">\n\t\t\t\t<div class=\"elementor-widget-container\">\n\t\t\t\t\t\t\t<div class=\"wcf--image\">\r\n\t\t\t\t\t\t\t<img decoding=\"async\" width=\"150\" height=\"300\" src=\"https:\/\/vertikalelevadores.com\/wp-content\/uploads\/2025\/08\/Vertikal_Normativa-itc_02.webp\" class=\"attachment-full size-full wp-image-4659\" alt=\"\" \/>\t\t\t\t\t\t<\/div>\r\n\t\t\t\t\t\t<\/div>\n\t\t\t\t<\/div>\n\t\t\t\t<\/div>\n\t\t<div class=\"elementor-element elementor-element-dfb9d5f e-con-full e-flex wcf-starter-animations-none e-con e-child\" data-id=\"dfb9d5f\" data-element_type=\"container\" data-e-type=\"container\" data-settings=\"{&quot;wcf-animation&quot;:&quot;none&quot;}\">\n\t\t<div class=\"elementor-element elementor-element-4117819 e-con-full e-flex wcf-starter-animations-none e-con e-child\" data-id=\"4117819\" data-element_type=\"container\" data-e-type=\"container\" data-settings=\"{&quot;wcf-animation&quot;:&quot;none&quot;}\">\n\t\t\t\t<div class=\"elementor-element elementor-element-185b159 wcf-starter-animations-none wcf-t-animation-none elementor-widget elementor-widget-wcf--title\" data-id=\"185b159\" data-element_type=\"widget\" data-e-type=\"widget\" data-settings=\"{&quot;wcf_starter_animations&quot;:&quot;none&quot;,&quot;wcf_anim_duration&quot;:1000,&quot;wcf_anim_delay&quot;:0,&quot;wcf_anim_ease&quot;:&quot;ease&quot;,&quot;wcf_text_animation&quot;:&quot;none&quot;,&quot;wcf-animation&quot;:&quot;none&quot;}\" data-widget_type=\"wcf--title.default\">\n\t\t\t\t<div class=\"elementor-widget-container\">\n\t\t\t\t\t<h3 class=\"wcf--title\">Protecci\u00f3 davant del tancament de portes<\/h3>\t\t\t\t<\/div>\n\t\t\t\t<\/div>\n\t\t\t\t<div class=\"elementor-element elementor-element-aad9584 wcf-starter-animations-none wcf-t-animation-none elementor-widget elementor-widget-wcf--text\" data-id=\"aad9584\" data-element_type=\"widget\" data-e-type=\"widget\" data-settings=\"{&quot;wcf_starter_animations&quot;:&quot;none&quot;,&quot;wcf_anim_duration&quot;:1000,&quot;wcf_anim_delay&quot;:0,&quot;wcf_anim_ease&quot;:&quot;ease&quot;,&quot;wcf_text_animation&quot;:&quot;none&quot;,&quot;wcf-animation&quot;:&quot;none&quot;}\" data-widget_type=\"wcf--text.default\">\n\t\t\t\t<div class=\"elementor-widget-container\">\n\t\t\t\t\t<div class=\"wcf--text\"><p>Per assegurar la integritat de l&#039;usuari, \u00e9s obligatori instal\u00b7lar dispositius de protecci\u00f3 que detecten obstacles a tota l&#039;al\u00e7ada de la porta (de 25 mm a 1.600 mm sobre el terra de la cabina), evitant tancaments accidentals i possibles lesions. Els terminis per complir depenen d\u201finspeccions o incidents previs.<\/p><\/div>\t\t\t\t<\/div>\n\t\t\t\t<\/div>\n\t\t\t\t<\/div>\n\t\t\t\t<\/div>\n\t\t\t\t<\/div>\n\t\t\t\t<\/div>\n\t\t<div class=\"elementor-element elementor-element-a902a7a e-con-full e-flex wcf-starter-animations-none e-con e-child\" data-id=\"a902a7a\" data-element_type=\"container\" data-e-type=\"container\" data-settings=\"{&quot;wcf-animation&quot;:&quot;none&quot;}\">\n\t\t<div class=\"elementor-element elementor-element-fb11b4a e-con-full e-flex wcf-starter-animations-none e-con e-child\" data-id=\"fb11b4a\" data-element_type=\"container\" data-e-type=\"container\" data-settings=\"{&quot;wcf-animation&quot;:&quot;fade&quot;,&quot;fade-from&quot;:&quot;left&quot;,&quot;data-duration&quot;:0.75,&quot;fade-offset&quot;:40,&quot;delay&quot;:0.15,&quot;on-scroll&quot;:1,&quot;ease&quot;:&quot;power2.out&quot;}\">\n\t\t<div class=\"elementor-element elementor-element-3dab7cd e-con-full e-flex wcf-starter-animations-none e-con e-child\" data-id=\"3dab7cd\" data-element_type=\"container\" data-e-type=\"container\" data-settings=\"{&quot;wcf-animation&quot;:&quot;none&quot;}\">\n\t\t\t\t<div class=\"elementor-element elementor-element-6d60795 wcf-starter-animations-none elementor-widget elementor-widget-wcf--image\" data-id=\"6d60795\" data-element_type=\"widget\" data-e-type=\"widget\" data-settings=\"{&quot;wcf_starter_animations&quot;:&quot;none&quot;,&quot;wcf_anim_duration&quot;:1000,&quot;wcf_anim_delay&quot;:0,&quot;wcf_anim_ease&quot;:&quot;ease&quot;,&quot;wcf-image-animation&quot;:&quot;none&quot;,&quot;wcf-animation&quot;:&quot;none&quot;}\" data-widget_type=\"wcf--image.default\">\n\t\t\t\t<div class=\"elementor-widget-container\">\n\t\t\t\t\t\t\t<div class=\"wcf--image\">\r\n\t\t\t\t\t\t\t<img loading=\"lazy\" decoding=\"async\" width=\"150\" height=\"300\" src=\"https:\/\/vertikalelevadores.com\/wp-content\/uploads\/2025\/08\/Vertikal_Normativa-itc_03.webp\" class=\"attachment-full size-full wp-image-4660\" alt=\"\" \/>\t\t\t\t\t\t<\/div>\r\n\t\t\t\t\t\t<\/div>\n\t\t\t\t<\/div>\n\t\t\t\t<\/div>\n\t\t<div class=\"elementor-element elementor-element-b6800bc e-con-full e-flex wcf-starter-animations-none e-con e-child\" data-id=\"b6800bc\" data-element_type=\"container\" data-e-type=\"container\" data-settings=\"{&quot;wcf-animation&quot;:&quot;none&quot;}\">\n\t\t<div class=\"elementor-element elementor-element-31447bd e-con-full e-flex wcf-starter-animations-none e-con e-child\" data-id=\"31447bd\" data-element_type=\"container\" data-e-type=\"container\" data-settings=\"{&quot;wcf-animation&quot;:&quot;none&quot;}\">\n\t\t\t\t<div class=\"elementor-element elementor-element-673b03c wcf-starter-animations-none wcf-t-animation-none elementor-widget elementor-widget-wcf--title\" data-id=\"673b03c\" data-element_type=\"widget\" data-e-type=\"widget\" data-settings=\"{&quot;wcf_starter_animations&quot;:&quot;none&quot;,&quot;wcf_anim_duration&quot;:1000,&quot;wcf_anim_delay&quot;:0,&quot;wcf_anim_ease&quot;:&quot;ease&quot;,&quot;wcf_text_animation&quot;:&quot;none&quot;,&quot;wcf-animation&quot;:&quot;none&quot;}\" data-widget_type=\"wcf--title.default\">\n\t\t\t\t<div class=\"elementor-widget-container\">\n\t\t\t\t\t<h3 class=\"wcf--title\">Control de c\u00e0rrega a cabina<\/h3>\t\t\t\t<\/div>\n\t\t\t\t<\/div>\n\t\t\t\t<div class=\"elementor-element elementor-element-fbe02b5 wcf-starter-animations-none wcf-t-animation-none elementor-widget elementor-widget-wcf--text\" data-id=\"fbe02b5\" data-element_type=\"widget\" data-e-type=\"widget\" data-settings=\"{&quot;wcf_starter_animations&quot;:&quot;none&quot;,&quot;wcf_anim_duration&quot;:1000,&quot;wcf_anim_delay&quot;:0,&quot;wcf_anim_ease&quot;:&quot;ease&quot;,&quot;wcf_text_animation&quot;:&quot;none&quot;,&quot;wcf-animation&quot;:&quot;none&quot;}\" data-widget_type=\"wcf--text.default\">\n\t\t\t\t<div class=\"elementor-widget-container\">\n\t\t\t\t\t<div class=\"wcf--text\"><p>S&#039;ha d&#039;incorporar un sistema que impedeixi el moviment de l&#039;ascensor si se supera la c\u00e0rrega m\u00e0xima permesa, garantint aix\u00ed la seguretat del funcionament i evitant avaries o accidents per sobrep\u00e8s. Ladaptaci\u00f3 ser\u00e0 immediata si es renova el quadre de maniobra, o en el termini dun any despr\u00e9s dinspecci\u00f3.<\/p><\/div>\t\t\t\t<\/div>\n\t\t\t\t<\/div>\n\t\t\t\t<\/div>\n\t\t\t\t<\/div>\n\t\t\t\t<\/div>\n\t\t<div class=\"elementor-element elementor-element-5311199 e-con-full e-flex wcf-starter-animations-none e-con e-child\" data-id=\"5311199\" data-element_type=\"container\" data-e-type=\"container\" data-settings=\"{&quot;wcf-animation&quot;:&quot;fade&quot;,&quot;delay&quot;:0.3,&quot;fade-from&quot;:&quot;left&quot;,&quot;data-duration&quot;:0.75,&quot;fade-offset&quot;:40,&quot;on-scroll&quot;:1,&quot;ease&quot;:&quot;power2.out&quot;}\">\n\t\t<div class=\"elementor-element elementor-element-e13d289 e-con-full e-flex wcf-starter-animations-none e-con e-child\" data-id=\"e13d289\" data-element_type=\"container\" data-e-type=\"container\" data-settings=\"{&quot;wcf-animation&quot;:&quot;none&quot;}\">\n\t\t\t\t<div class=\"elementor-element elementor-element-d26434c wcf-starter-animations-none elementor-widget elementor-widget-wcf--image\" data-id=\"d26434c\" data-element_type=\"widget\" data-e-type=\"widget\" data-settings=\"{&quot;wcf_starter_animations&quot;:&quot;none&quot;,&quot;wcf_anim_duration&quot;:1000,&quot;wcf_anim_delay&quot;:0,&quot;wcf_anim_ease&quot;:&quot;ease&quot;,&quot;wcf-image-animation&quot;:&quot;none&quot;,&quot;wcf-animation&quot;:&quot;none&quot;}\" data-widget_type=\"wcf--image.default\">\n\t\t\t\t<div class=\"elementor-widget-container\">\n\t\t\t\t\t\t\t<div class=\"wcf--image\">\r\n\t\t\t\t\t\t\t<img loading=\"lazy\" decoding=\"async\" width=\"150\" height=\"300\" src=\"https:\/\/vertikalelevadores.com\/wp-content\/uploads\/2025\/08\/Vertikal_Normativa-itc_04.webp\" class=\"attachment-full size-full wp-image-4661\" alt=\"\" \/>\t\t\t\t\t\t<\/div>\r\n\t\t\t\t\t\t<\/div>\n\t\t\t\t<\/div>\n\t\t\t\t<\/div>\n\t\t<div class=\"elementor-element elementor-element-9471634 e-con-full e-flex wcf-starter-animations-none e-con e-child\" data-id=\"9471634\" data-element_type=\"container\" data-e-type=\"container\" data-settings=\"{&quot;wcf-animation&quot;:&quot;none&quot;}\">\n\t\t<div class=\"elementor-element elementor-element-3d5e8af e-con-full e-flex wcf-starter-animations-none e-con e-child\" data-id=\"3d5e8af\" data-element_type=\"container\" data-e-type=\"container\" data-settings=\"{&quot;wcf-animation&quot;:&quot;none&quot;}\">\n\t\t\t\t<div class=\"elementor-element elementor-element-f6f8fcb wcf-starter-animations-none wcf-t-animation-none elementor-widget elementor-widget-wcf--title\" data-id=\"f6f8fcb\" data-element_type=\"widget\" data-e-type=\"widget\" data-settings=\"{&quot;wcf_starter_animations&quot;:&quot;none&quot;,&quot;wcf_anim_duration&quot;:1000,&quot;wcf_anim_delay&quot;:0,&quot;wcf_anim_ease&quot;:&quot;ease&quot;,&quot;wcf_text_animation&quot;:&quot;none&quot;,&quot;wcf-animation&quot;:&quot;none&quot;}\" data-widget_type=\"wcf--title.default\">\n\t\t\t\t<div class=\"elementor-widget-container\">\n\t\t\t\t\t<h3 class=\"wcf--title\">Comunicaci\u00f3 bidireccional obligat\u00f2ria<\/h3>\t\t\t\t<\/div>\n\t\t\t\t<\/div>\n\t\t\t\t<div class=\"elementor-element elementor-element-c6415a1 wcf-starter-animations-none wcf-t-animation-none elementor-widget elementor-widget-wcf--text\" data-id=\"c6415a1\" data-element_type=\"widget\" data-e-type=\"widget\" data-settings=\"{&quot;wcf_starter_animations&quot;:&quot;none&quot;,&quot;wcf_anim_duration&quot;:1000,&quot;wcf_anim_delay&quot;:0,&quot;wcf_anim_ease&quot;:&quot;ease&quot;,&quot;wcf_text_animation&quot;:&quot;none&quot;,&quot;wcf-animation&quot;:&quot;none&quot;}\" data-widget_type=\"wcf--text.default\">\n\t\t\t\t<div class=\"elementor-widget-container\">\n\t\t\t\t\t<div class=\"wcf--text\"><p>A totes les cabines cal instal\u00b7lar un sistema de comunicaci\u00f3 bidireccional i accessible per a persones amb discapacitat, permetent contactar serveis d&#039;emerg\u00e8ncia i gesti\u00f3 remota d&#039;incid\u00e8ncies segons els est\u00e0ndards europeus. El termini per a la posada en conformitat \u00e9s dun any despr\u00e9s de la inspecci\u00f3 peri\u00f2dica.<\/p><\/div>\t\t\t\t<\/div>\n\t\t\t\t<\/div>\n\t\t\t\t<\/div>\n\t\t\t\t<\/div>\n\t\t\t\t<\/div>\n\t\t\t\t<\/div>\n\t\t\t\t\t<\/div>\n\t\t\t\t<\/div>\n\t\t<div class=\"elementor-element elementor-element-5d36ab3 e-flex e-con-boxed wcf-starter-animations-none e-con e-parent\" data-id=\"5d36ab3\" data-element_type=\"container\" data-e-type=\"container\" data-settings=\"{&quot;background_background&quot;:&quot;classic&quot;,&quot;wcf-animation&quot;:&quot;none&quot;}\">\n\t\t\t\t\t<div class=\"e-con-inner\">\n\t\t<div class=\"elementor-element elementor-element-2a1cd23 e-con-full services_support e-flex wcf-starter-animations-none e-con e-child\" data-id=\"2a1cd23\" data-element_type=\"container\" data-e-type=\"container\" data-settings=\"{&quot;wcf-animation&quot;:&quot;none&quot;}\">\n\t\t\t\t<div class=\"elementor-element elementor-element-9989cdd elementor-widget__width-initial wcf-starter-animations-none wcf-t-animation-none elementor-widget elementor-widget-wcf--title\" data-id=\"9989cdd\" data-element_type=\"widget\" data-e-type=\"widget\" data-settings=\"{&quot;wcf-animation&quot;:&quot;fade&quot;,&quot;data-duration&quot;:0.75,&quot;fade-offset&quot;:40,&quot;wcf_starter_animations&quot;:&quot;none&quot;,&quot;wcf_anim_duration&quot;:1000,&quot;wcf_anim_delay&quot;:0,&quot;wcf_anim_ease&quot;:&quot;ease&quot;,&quot;wcf_text_animation&quot;:&quot;none&quot;,&quot;delay&quot;:0.15,&quot;on-scroll&quot;:1,&quot;fade-from&quot;:&quot;bottom&quot;,&quot;ease&quot;:&quot;power2.out&quot;}\" data-widget_type=\"wcf--title.default\">\n\t\t\t\t<div class=\"elementor-widget-container\">\n\t\t\t\t\t<h2 class=\"wcf--title\">Mesures addicionals per a la m\u00e0xima seguretat<\/h2>\t\t\t\t<\/div>\n\t\t\t\t<\/div>\n\t\t\t\t<div class=\"elementor-element elementor-element-b6b1900 elementor-widget__width-initial wcf-starter-animations-none wcf-t-animation-none elementor-widget elementor-widget-wcf--text\" data-id=\"b6b1900\" data-element_type=\"widget\" data-e-type=\"widget\" data-settings=\"{&quot;wcf-animation&quot;:&quot;fade&quot;,&quot;data-duration&quot;:0.75,&quot;fade-offset&quot;:40,&quot;wcf_starter_animations&quot;:&quot;none&quot;,&quot;wcf_anim_duration&quot;:1000,&quot;wcf_anim_delay&quot;:0,&quot;wcf_anim_ease&quot;:&quot;ease&quot;,&quot;wcf_text_animation&quot;:&quot;none&quot;,&quot;delay&quot;:0.15,&quot;on-scroll&quot;:1,&quot;fade-from&quot;:&quot;bottom&quot;,&quot;ease&quot;:&quot;power2.out&quot;}\" data-widget_type=\"wcf--text.default\">\n\t\t\t\t<div class=\"elementor-widget-container\">\n\t\t\t\t\t<div class=\"wcf--text\"><p>A m\u00e9s, la nova normativa preveu altres actuacions com la substituci\u00f3 de les guies de l&#039;ascensor si compten amb dispositius paracaigudes de tipus cil\u00edndric, de rail o de fusta; la protecci\u00f3 davant de moviments incontrolats de la cabina, tant en ascens com en rep\u00f2s amb les portes obertes; i la millora de la seguretat en contrapesos antics, facilitant-ne la inspecci\u00f3 en tot el recorregut. Aquestes actualitzacions no nom\u00e9s reforcen la seguretat, el rendiment i l&#039;accessibilitat del vostre ascensor, sin\u00f3 que tamb\u00e9 milloren l&#039;experi\u00e8ncia dels passatgers i el valor de l&#039;immoble.<\/p><\/div>\t\t\t\t<\/div>\n\t\t\t\t<\/div>\n\t\t<div class=\"elementor-element elementor-element-6dc3388 e-con-full e-flex wcf-starter-animations-none e-con e-child\" data-id=\"6dc3388\" data-element_type=\"container\" data-e-type=\"container\" data-settings=\"{&quot;wcf-animation&quot;:&quot;none&quot;}\">\n\t\t\t\t<div class=\"elementor-element elementor-element-225ad40 elementor-widget elementor-widget-wcf--button\" data-id=\"225ad40\" data-element_type=\"widget\" data-e-type=\"widget\" data-settings=\"{&quot;wcf-animation&quot;:&quot;fade&quot;,&quot;delay&quot;:0.15,&quot;on-scroll&quot;:1,&quot;fade-from&quot;:&quot;bottom&quot;,&quot;data-duration&quot;:1.5,&quot;ease&quot;:&quot;power2.out&quot;,&quot;fade-offset&quot;:50}\" data-widget_type=\"wcf--button.default\">\n\t\t\t\t<div class=\"elementor-widget-container\">\n\t\t\t\t\t\t\t<div class=\"wcf__btn\">\r\n\t\t\t\t\t\t\t<a href=\"#consulta\" class=\"wcf-btn-default btn-rollover-top\">\r\n\t\t\t\t\t<i aria-hidden=\"true\" class=\"helo-theme wcftheme-wcf-icon icon-wcf-plus\"><\/i>\t\t\t\t\tRealitzar una consulta\t\t\t\t<\/a>\r\n\t\t\t\t\t\t<\/div>\r\n\t\t\t\t\t\t<\/div>\n\t\t\t\t<\/div>\n\t\t\t\t<\/div>\n\t\t\t\t<\/div>\n\t\t<div class=\"elementor-element elementor-element-eb5341c e-con-full e-flex wcf-starter-animations-none e-con e-child\" data-id=\"eb5341c\" data-element_type=\"container\" data-e-type=\"container\" data-settings=\"{&quot;wcf-animation&quot;:&quot;none&quot;}\">\n\t\t\t\t<div class=\"elementor-element elementor-element-15ddc4c wcf-starter-animations-none elementor-widget elementor-widget-wcf--image\" data-id=\"15ddc4c\" data-element_type=\"widget\" data-e-type=\"widget\" data-settings=\"{&quot;wcf_starter_animations&quot;:&quot;none&quot;,&quot;wcf_anim_duration&quot;:1000,&quot;wcf_anim_delay&quot;:0,&quot;wcf_anim_ease&quot;:&quot;ease&quot;,&quot;wcf-image-animation&quot;:&quot;none&quot;,&quot;wcf-animation&quot;:&quot;none&quot;}\" data-widget_type=\"wcf--image.default\">\n\t\t\t\t<div class=\"elementor-widget-container\">\n\t\t\t\t\t\t\t<div class=\"wcf--image\">\r\n\t\t\t\t\t\t\t<img loading=\"lazy\" decoding=\"async\" width=\"974\" height=\"600\" src=\"https:\/\/vertikalelevadores.com\/wp-content\/uploads\/2025\/08\/Vertikal_Normativa-itc_Ademas.webp\" class=\"attachment-full size-full wp-image-4663\" alt=\"\" srcset=\"https:\/\/vertikalelevadores.com\/wp-content\/uploads\/2025\/08\/Vertikal_Normativa-itc_Ademas.webp 974w, https:\/\/vertikalelevadores.com\/wp-content\/uploads\/2025\/08\/Vertikal_Normativa-itc_Ademas-300x185.webp 300w, https:\/\/vertikalelevadores.com\/wp-content\/uploads\/2025\/08\/Vertikal_Normativa-itc_Ademas-768x473.webp 768w\" sizes=\"(max-width: 974px) 100vw, 974px\" \/>\t\t\t\t\t\t<\/div>\r\n\t\t\t\t\t\t<\/div>\n\t\t\t\t<\/div>\n\t\t\t\t<\/div>\n\t\t\t\t\t<\/div>\n\t\t\t\t<\/div>\n\t\t<div class=\"elementor-element elementor-element-2270ae9 e-flex e-con-boxed wcf-starter-animations-none e-con e-parent\" data-id=\"2270ae9\" data-element_type=\"container\" data-e-type=\"container\" data-settings=\"{&quot;wcf-animation&quot;:&quot;none&quot;}\">\n\t\t\t\t\t<div class=\"e-con-inner\">\n\t\t<div class=\"elementor-element elementor-element-c111e49 e-con-full e-flex wcf-starter-animations-none e-con e-child\" data-id=\"c111e49\" data-element_type=\"container\" data-e-type=\"container\" data-settings=\"{&quot;wcf-animation&quot;:&quot;none&quot;}\">\n\t\t\t\t<div class=\"elementor-element elementor-element-7c407aa elementor-widget elementor-widget-menu-anchor\" data-id=\"7c407aa\" data-element_type=\"widget\" data-e-type=\"widget\" data-settings=\"{&quot;wcf-animation&quot;:&quot;none&quot;}\" data-widget_type=\"menu-anchor.default\">\n\t\t\t\t<div class=\"elementor-widget-container\">\n\t\t\t\t\t\t\t<div class=\"elementor-menu-anchor\" id=\"consulta\"><\/div>\n\t\t\t\t\t\t<\/div>\n\t\t\t\t<\/div>\n\t\t\t\t<div class=\"elementor-element elementor-element-33f3a89 wcf-starter-animations-none wcf-t-animation-none elementor-widget elementor-widget-wcf--title\" data-id=\"33f3a89\" data-element_type=\"widget\" data-e-type=\"widget\" data-settings=\"{&quot;wcf-animation&quot;:&quot;fade&quot;,&quot;wcf_starter_animations&quot;:&quot;none&quot;,&quot;wcf_anim_duration&quot;:1000,&quot;wcf_anim_delay&quot;:0,&quot;wcf_anim_ease&quot;:&quot;ease&quot;,&quot;wcf_text_animation&quot;:&quot;none&quot;,&quot;delay&quot;:0.15,&quot;on-scroll&quot;:1,&quot;fade-from&quot;:&quot;bottom&quot;,&quot;data-duration&quot;:1.5,&quot;ease&quot;:&quot;power2.out&quot;,&quot;fade-offset&quot;:50}\" data-widget_type=\"wcf--title.default\">\n\t\t\t\t<div class=\"elementor-widget-container\">\n\t\t\t\t\t<h2 class=\"wcf--title\">Consulta Normativa itc sense comprom\u00eds<\/h2>\t\t\t\t<\/div>\n\t\t\t\t<\/div>\n\t\t\t\t<div class=\"elementor-element elementor-element-b78ff41 elementor-widget__width-initial wcf-starter-animations-none wcf-t-animation-none elementor-widget elementor-widget-wcf--text\" data-id=\"b78ff41\" data-element_type=\"widget\" data-e-type=\"widget\" data-settings=\"{&quot;wcf-animation&quot;:&quot;fade&quot;,&quot;data-duration&quot;:0.75,&quot;fade-offset&quot;:40,&quot;wcf_starter_animations&quot;:&quot;none&quot;,&quot;wcf_anim_duration&quot;:1000,&quot;wcf_anim_delay&quot;:0,&quot;wcf_anim_ease&quot;:&quot;ease&quot;,&quot;wcf_text_animation&quot;:&quot;none&quot;,&quot;delay&quot;:0.15,&quot;on-scroll&quot;:1,&quot;fade-from&quot;:&quot;bottom&quot;,&quot;ease&quot;:&quot;power2.out&quot;}\" data-widget_type=\"wcf--text.default\">\n\t\t\t\t<div class=\"elementor-widget-container\">\n\t\t\t\t\t<div class=\"wcf--text\"><p>Vols m\u00e9s informaci\u00f3 sobre com actualitzar el teu ascensor i complir amb la nova ITC?<\/p><p><br \/>Us ajudem a obtenir una avaluaci\u00f3 personalitzada i un pla adaptat a les vostres necessitats.<\/p><p>\u00a0<\/p><p>Contacta ara amb Vertikal Elevadors o truca al <a href=\"tel:0034635070327\"><span style=\"text-decoration: underline\">635 07 03 27<\/span><\/a> per rebre assessorament sense comprom\u00eds.<\/p><\/div>\t\t\t\t<\/div>\n\t\t\t\t<\/div>\n\t\t\t\t<\/div>\n\t\t<div class=\"elementor-element elementor-element-37e6ec5 e-con-full e-flex wcf-starter-animations-none e-con e-child\" data-id=\"37e6ec5\" data-element_type=\"container\" data-e-type=\"container\" data-settings=\"{&quot;wcf-animation&quot;:&quot;none&quot;}\">\n\t\t\t\t<div class=\"elementor-element elementor-element-f174901 elementor-widget__width-initial icon-position-before elementor-widget elementor-widget-wcf--contact-form-7\" data-id=\"f174901\" data-element_type=\"widget\" data-e-type=\"widget\" data-settings=\"{&quot;wcf-animation&quot;:&quot;fade&quot;,&quot;data-duration&quot;:0.75,&quot;fade-offset&quot;:40,&quot;delay&quot;:0.15,&quot;on-scroll&quot;:1,&quot;fade-from&quot;:&quot;bottom&quot;,&quot;ease&quot;:&quot;power2.out&quot;}\" data-widget_type=\"wcf--contact-form-7.default\">\n\t\t\t\t<div class=\"elementor-widget-container\">\n\t\t\t\t\t        <style>\r\n            .wcf--form-wrapper form label {\r\n                display: block;\r\n            }\r\n        <\/style>\r\n        <div class=\"wcf--form-wrapper\" btn-hover=\"btn-hover-cross\" >\r\n\t\t\t\n<div class=\"wpcf7 no-js\" id=\"wpcf7-f4675-o1\" lang=\"en-US\" dir=\"ltr\" data-wpcf7-id=\"4675\">\n<div class=\"screen-reader-response\"><p role=\"status\" aria-live=\"polite\" aria-atomic=\"true\"><\/p> <ul><\/ul><\/div>\n<form action=\"\/ca\/wp-json\/wp\/v2\/pages\/4629#wpcf7-f4675-o1\" method=\"post\" class=\"wpcf7-form init\" aria-label=\"Contact form\" novalidate=\"novalidate\" data-status=\"init\" data-trp-original-action=\"\/ca\/wp-json\/wp\/v2\/pages\/4629#wpcf7-f4675-o1\">\n<fieldset class=\"hidden-fields-container\"><input type=\"hidden\" name=\"_wpcf7\" value=\"4675\" \/><input type=\"hidden\" name=\"_wpcf7_version\" value=\"6.1.7\" \/><input type=\"hidden\" name=\"_wpcf7_locale\" value=\"en_US\" \/><input type=\"hidden\" name=\"_wpcf7_unit_tag\" value=\"wpcf7-f4675-o1\" \/><input type=\"hidden\" name=\"_wpcf7_container_post\" value=\"0\" \/><input type=\"hidden\" name=\"_wpcf7_posted_data_hash\" value=\"\" \/><input type=\"hidden\" name=\"_wpcf7_recaptcha_response\" value=\"\" \/>\n<\/fieldset>\n<p><label> <span class=\"wpcf7-form-control-wrap\" data-name=\"YourName\"><input size=\"40\" maxlength=\"400\" class=\"wpcf7-form-control wpcf7-text wpcf7-validates-as-required\" aria-required=\"true\" aria-invalid=\"false\" placeholder=\"Nom*\" value=\"\" type=\"text\" name=\"YourName\" \/><\/span> <\/label>\n<\/p>\n<p><label> <span class=\"wpcf7-form-control-wrap\" data-name=\"Email\"><input size=\"40\" maxlength=\"400\" class=\"wpcf7-form-control wpcf7-email wpcf7-validates-as-required wpcf7-text wpcf7-validates-as-email\" aria-required=\"true\" aria-invalid=\"false\" placeholder=\"Email*\" value=\"\" type=\"email\" name=\"Email\" \/><\/span> <\/label>\n<\/p>\n<p><label> <span class=\"wpcf7-form-control-wrap\" data-name=\"Phone\"><input class=\"wpcf7-form-control wpcf7-number wpcf7-validates-as-number\" aria-invalid=\"false\" placeholder=\"Tel\u00e8fon\" value=\"\" type=\"number\" name=\"Phone\" \/><\/span> <\/label>\n<\/p>\n<p><label> <span class=\"wpcf7-form-control-wrap\" data-name=\"provincia\"><select class=\"wpcf7-form-control wpcf7-select\" aria-invalid=\"false\" name=\"provincia\"><option value=\"Provincia\">Prov\u00edncia<\/option><option value=\"Sevilla\">Sevilla<\/option><option value=\"C\u00e1diz\">Cadis<\/option><option value=\"Huelva\">Huelva<\/option><option value=\"Barcelona\">Barcelona<\/option><option value=\"Tarragona\">Tarragona<\/option><option value=\"C\u00f3rdoba*\">C\u00f2rdova*<\/option><option value=\"Granada*\">Granada*<\/option><option value=\"M\u00e1laga*\">M\u00e0laga*<\/option><\/select><\/span><\/label>\n<\/p>\n<p><label> <span class=\"wpcf7-form-control-wrap\" data-name=\"Ciudad\"><input size=\"40\" maxlength=\"400\" class=\"wpcf7-form-control wpcf7-text\" aria-invalid=\"false\" placeholder=\"Ciutat\" value=\"\" type=\"text\" name=\"Ciudad\" \/><\/span> <\/label>\n<\/p>\n<p><label> <span class=\"wpcf7-form-control-wrap\" data-name=\"ModoContacto\"><select class=\"wpcf7-form-control wpcf7-select\" aria-invalid=\"false\" name=\"ModoContacto\"><option value=\"Prefiero un contacto...\">Prefereixo un contacte...<\/option><option value=\"Por tel\u00e9fono\">Per tel\u00e8fon<\/option><option value=\"Por WhatsApp\">Per WhatsApp<\/option><option value=\"Por email\">Per email<\/option><option value=\"De cualquier forma\">De qualsevol manera<\/option><\/select><\/span> <\/label>\n<\/p>\n<p><label> <span class=\"wpcf7-form-control-wrap\" data-name=\"Mensaje\"><input size=\"40\" maxlength=\"400\" class=\"wpcf7-form-control wpcf7-text\" aria-invalid=\"false\" placeholder=\"Informaci\u00f3 addicional\" value=\"\" type=\"text\" name=\"Mensaje\" \/><\/span> <\/label>\n<\/p>\n<p><label> <span class=\"wpcf7-form-control-wrap\" data-name=\"optin\"><span class=\"wpcf7-form-control wpcf7-acceptance\"><span class=\"wpcf7-list-item\"><label><input type=\"checkbox\" name=\"optin\" value=\"1\" aria-invalid=\"false\" \/><span class=\"wpcf7-list-item-label\">Autoritzo el tractament de les meves dades personals conforme a la <a href=\"https:\/\/vertikalelevadores.com\/ca\/privacidad\/\"><strong>pol\u00edtica de privadesa<\/strong><\/a>.<\/span><\/label><\/span><\/span><\/span> <\/label>\n<\/p>\n<p><input class=\"wpcf7-form-control wpcf7-submit has-spinner Get a quote\" id=\"Getaqoute\" type=\"submit\" value=\"Enviar sol\u00b7licitud\" \/>\n<\/p><p style=\"display: none !important;\" class=\"akismet-fields-container\" data-prefix=\"_wpcf7_ak_\"><label>\u0394<textarea name=\"_wpcf7_ak_hp_textarea\" cols=\"45\" rows=\"8\" maxlength=\"100\"><\/textarea><\/label><input type=\"hidden\" id=\"ak_js_1\" name=\"_wpcf7_ak_js\" value=\"217\"\/><script>\ndocument.getElementById( \"ak_js_1\" ).setAttribute( \"value\", ( new Date() ).getTime() );\n<\/script>\n<\/p><div class=\"wpcf7-response-output\" aria-hidden=\"true\"><\/div>\n<input type=\"hidden\" name=\"trp-form-language\" value=\"ca\"\/><\/form>\n<\/div>\n            <div class=\"btn-icon elementor-screen-only\">\r\n\t\t\t\t            <\/div>\r\n        <\/div>\r\n\r\n\t\t\t\t\t\t<\/div>\n\t\t\t\t<\/div>\n\t\t\t\t<\/div>\n\t\t\t\t\t<\/div>\n\t\t\t\t<\/div>\n\t\t<div class=\"elementor-element elementor-element-01fa8a6 e-flex e-con-boxed wcf-starter-animations-none e-con e-parent\" data-id=\"01fa8a6\" data-element_type=\"container\" data-e-type=\"container\" data-settings=\"{&quot;wcf-animation&quot;:&quot;none&quot;}\">\n\t\t\t\t\t<div class=\"e-con-inner\">\n\t\t<div class=\"elementor-element elementor-element-cfcf67f e-con-full e-flex wcf-starter-animations-none e-con e-child\" data-id=\"cfcf67f\" data-element_type=\"container\" data-e-type=\"container\" data-settings=\"{&quot;wcf-animation&quot;:&quot;none&quot;}\">\n\t\t\t\t<div class=\"elementor-element elementor-element-8899ae8 elementor-widget__width-initial wcf-starter-animations-none wcf-t-animation-none elementor-widget elementor-widget-wcf--title\" data-id=\"8899ae8\" data-element_type=\"widget\" data-e-type=\"widget\" data-settings=\"{&quot;wcf-animation&quot;:&quot;fade&quot;,&quot;data-duration&quot;:0.75,&quot;fade-offset&quot;:40,&quot;wcf_starter_animations&quot;:&quot;none&quot;,&quot;wcf_anim_duration&quot;:1000,&quot;wcf_anim_delay&quot;:0,&quot;wcf_anim_ease&quot;:&quot;ease&quot;,&quot;wcf_text_animation&quot;:&quot;none&quot;,&quot;delay&quot;:0.15,&quot;on-scroll&quot;:1,&quot;fade-from&quot;:&quot;bottom&quot;,&quot;ease&quot;:&quot;power2.out&quot;}\" data-widget_type=\"wcf--title.default\">\n\t\t\t\t<div class=\"elementor-widget-container\">\n\t\t\t\t\t<h2 class=\"wcf--title\">Preguntes freq\u00fcents sobre la normativa ITC<\/h2>\t\t\t\t<\/div>\n\t\t\t\t<\/div>\n\t\t\t\t<\/div>\n\t\t<div class=\"elementor-element elementor-element-d0d5072 e-con-full e-flex wcf-starter-animations-none e-con e-child\" data-id=\"d0d5072\" data-element_type=\"container\" data-e-type=\"container\" data-settings=\"{&quot;wcf-animation&quot;:&quot;none&quot;}\">\n\t\t\t\t<div class=\"elementor-element elementor-element-000540b elementor-widget__width-initial elementor-widget elementor-widget-n-accordion\" data-id=\"000540b\" data-element_type=\"widget\" data-e-type=\"widget\" data-settings=\"{&quot;wcf-animation&quot;:&quot;fade&quot;,&quot;data-duration&quot;:0.75,&quot;fade-offset&quot;:40,&quot;default_state&quot;:&quot;expanded&quot;,&quot;max_items_expended&quot;:&quot;one&quot;,&quot;n_accordion_animation_duration&quot;:{&quot;unit&quot;:&quot;ms&quot;,&quot;size&quot;:400,&quot;sizes&quot;:[]},&quot;delay&quot;:0.15,&quot;on-scroll&quot;:1,&quot;fade-from&quot;:&quot;bottom&quot;,&quot;ease&quot;:&quot;power2.out&quot;}\" data-widget_type=\"nested-accordion.default\">\n\t\t\t\t<div class=\"elementor-widget-container\">\n\t\t\t\t\t\t\t<div class=\"e-n-accordion\" aria-label=\"Accordion. Open links with Enter or Space, close with Escape, and navigate with Arrow Keys\">\n\t\t\t\t\t\t<details id=\"e-n-accordion-item-2150\" class=\"e-n-accordion-item\" open>\n\t\t\t\t<summary class=\"e-n-accordion-item-title\" data-accordion-index=\"1\" tabindex=\"0\" aria-expanded=\"true\" aria-controls=\"e-n-accordion-item-2150\" >\n\t\t\t\t\t<span class='e-n-accordion-item-title-header'><div class=\"e-n-accordion-item-title-text\"> Com millorar l&#039;anivellament de la cabina de l&#039;ascensor? <\/div><\/span>\n\t\t\t\t\t\t\t<span class='e-n-accordion-item-title-icon'>\n\t\t\t<span class='e-opened' ><i aria-hidden=\"true\" class=\"helo-theme wcftheme-wcf-icon icon-wcf-chevron-down\"><\/i><\/span>\n\t\t\t<span class='e-closed'><i aria-hidden=\"true\" class=\"helo-theme wcftheme-wcf-icon icon-wcf-angle-down\"><\/i><\/span>\n\t\t<\/span>\n\n\t\t\t\t\t\t<\/summary>\n\t\t\t\t<div role=\"region\" aria-labelledby=\"e-n-accordion-item-2150\" class=\"elementor-element elementor-element-bd9992d e-con-full e-flex wcf-starter-animations-none e-con e-child\" data-id=\"bd9992d\" data-element_type=\"container\" data-e-type=\"container\" data-settings=\"{&quot;wcf-animation&quot;:&quot;none&quot;}\">\n\t\t<div role=\"region\" aria-labelledby=\"e-n-accordion-item-2150\" class=\"elementor-element elementor-element-a76ae43 e-con-full e-flex wcf-starter-animations-none e-con e-child\" data-id=\"a76ae43\" data-element_type=\"container\" data-e-type=\"container\" data-settings=\"{&quot;wcf-animation&quot;:&quot;none&quot;}\">\n\t\t\t\t<div class=\"elementor-element elementor-element-acd69d6 wcf-starter-animations-none wcf-t-animation-none elementor-widget elementor-widget-text-editor\" data-id=\"acd69d6\" data-element_type=\"widget\" data-e-type=\"widget\" data-settings=\"{&quot;wcf_starter_animations&quot;:&quot;none&quot;,&quot;wcf_anim_duration&quot;:1000,&quot;wcf_anim_delay&quot;:0,&quot;wcf_anim_ease&quot;:&quot;ease&quot;,&quot;wcf_text_animation&quot;:&quot;none&quot;,&quot;wcf-animation&quot;:&quot;none&quot;}\" data-widget_type=\"text-editor.default\">\n\t\t\t\t<div class=\"elementor-widget-container\">\n\t\t\t\t\t\t\t\t\t<p>Actualitza la tecnologia del teu ascensor amb un variador de freq\u00fc\u00e8ncia per aconseguir una parada precisa i segura a cada pis, millorant l&#039;accessibilitat per a tothom.<\/p>\t\t\t\t\t\t\t\t<\/div>\n\t\t\t\t<\/div>\n\t\t\t\t<\/div>\n\t\t\t\t<\/div>\n\t\t\t\t\t<\/details>\n\t\t\t\t\t\t<details id=\"e-n-accordion-item-2151\" class=\"e-n-accordion-item\" >\n\t\t\t\t<summary class=\"e-n-accordion-item-title\" data-accordion-index=\"2\" tabindex=\"-1\" aria-expanded=\"false\" aria-controls=\"e-n-accordion-item-2151\" >\n\t\t\t\t\t<span class='e-n-accordion-item-title-header'><div class=\"e-n-accordion-item-title-text\"> Com protegir millor davant el tancament de portes? <\/div><\/span>\n\t\t\t\t\t\t\t<span class='e-n-accordion-item-title-icon'>\n\t\t\t<span class='e-opened' ><i aria-hidden=\"true\" class=\"helo-theme wcftheme-wcf-icon icon-wcf-chevron-down\"><\/i><\/span>\n\t\t\t<span class='e-closed'><i aria-hidden=\"true\" class=\"helo-theme wcftheme-wcf-icon icon-wcf-angle-down\"><\/i><\/span>\n\t\t<\/span>\n\n\t\t\t\t\t\t<\/summary>\n\t\t\t\t<div role=\"region\" aria-labelledby=\"e-n-accordion-item-2151\" class=\"elementor-element elementor-element-287c8a4 e-con-full e-flex wcf-starter-animations-none e-con e-child\" data-id=\"287c8a4\" data-element_type=\"container\" data-e-type=\"container\" data-settings=\"{&quot;wcf-animation&quot;:&quot;none&quot;}\">\n\t\t<div role=\"region\" aria-labelledby=\"e-n-accordion-item-2151\" class=\"elementor-element elementor-element-1965893 e-con-full e-flex wcf-starter-animations-none e-con e-child\" data-id=\"1965893\" data-element_type=\"container\" data-e-type=\"container\" data-settings=\"{&quot;wcf-animation&quot;:&quot;none&quot;}\">\n\t\t\t\t<div class=\"elementor-element elementor-element-d2babdc wcf-starter-animations-none wcf-t-animation-none elementor-widget elementor-widget-text-editor\" data-id=\"d2babdc\" data-element_type=\"widget\" data-e-type=\"widget\" data-settings=\"{&quot;wcf_starter_animations&quot;:&quot;none&quot;,&quot;wcf_anim_duration&quot;:1000,&quot;wcf_anim_delay&quot;:0,&quot;wcf_anim_ease&quot;:&quot;ease&quot;,&quot;wcf_text_animation&quot;:&quot;none&quot;,&quot;wcf-animation&quot;:&quot;none&quot;}\" data-widget_type=\"text-editor.default\">\n\t\t\t\t<div class=\"elementor-widget-container\">\n\t\t\t\t\t\t\t\t\t<p>Instal\u00b7la una cortina d&#039;infrarojos a la cabina per evitar tancaments inesperats i prevenir lesions, cobrint una \u00e0rea molt m\u00e9s gran que les c\u00e8l\u00b7lules fotoel\u00e8ctriques convencionals.<\/p>\t\t\t\t\t\t\t\t<\/div>\n\t\t\t\t<\/div>\n\t\t\t\t<\/div>\n\t\t\t\t<\/div>\n\t\t\t\t\t<\/details>\n\t\t\t\t\t\t<details id=\"e-n-accordion-item-2152\" class=\"e-n-accordion-item\" >\n\t\t\t\t<summary class=\"e-n-accordion-item-title\" data-accordion-index=\"3\" tabindex=\"-1\" aria-expanded=\"false\" aria-controls=\"e-n-accordion-item-2152\" >\n\t\t\t\t\t<span class='e-n-accordion-item-title-header'><div class=\"e-n-accordion-item-title-text\"> Quins avantatges ofereix instal\u00b7lar comunicaci\u00f3 bidireccional i control de c\u00e0rrega? <\/div><\/span>\n\t\t\t\t\t\t\t<span class='e-n-accordion-item-title-icon'>\n\t\t\t<span class='e-opened' ><i aria-hidden=\"true\" class=\"helo-theme wcftheme-wcf-icon icon-wcf-chevron-down\"><\/i><\/span>\n\t\t\t<span class='e-closed'><i aria-hidden=\"true\" class=\"helo-theme wcftheme-wcf-icon icon-wcf-angle-down\"><\/i><\/span>\n\t\t<\/span>\n\n\t\t\t\t\t\t<\/summary>\n\t\t\t\t<div role=\"region\" aria-labelledby=\"e-n-accordion-item-2152\" class=\"elementor-element elementor-element-40ebb51 e-con-full e-flex wcf-starter-animations-none e-con e-child\" data-id=\"40ebb51\" data-element_type=\"container\" data-e-type=\"container\" data-settings=\"{&quot;wcf-animation&quot;:&quot;none&quot;}\">\n\t\t<div role=\"region\" aria-labelledby=\"e-n-accordion-item-2152\" class=\"elementor-element elementor-element-01634f2 e-con-full e-flex wcf-starter-animations-none e-con e-child\" data-id=\"01634f2\" data-element_type=\"container\" data-e-type=\"container\" data-settings=\"{&quot;wcf-animation&quot;:&quot;none&quot;}\">\n\t\t\t\t<div class=\"elementor-element elementor-element-31cee4e wcf-starter-animations-none wcf-t-animation-none elementor-widget elementor-widget-text-editor\" data-id=\"31cee4e\" data-element_type=\"widget\" data-e-type=\"widget\" data-settings=\"{&quot;wcf_starter_animations&quot;:&quot;none&quot;,&quot;wcf_anim_duration&quot;:1000,&quot;wcf_anim_delay&quot;:0,&quot;wcf_anim_ease&quot;:&quot;ease&quot;,&quot;wcf_text_animation&quot;:&quot;none&quot;,&quot;wcf-animation&quot;:&quot;none&quot;}\" data-widget_type=\"text-editor.default\">\n\t\t\t\t<div class=\"elementor-widget-container\">\n\t\t\t\t\t\t\t\t\t<p>Un sistema de comunicaci\u00f3 facilita assist\u00e8ncia immediata en cas d\u201femerg\u00e8ncia i el control de c\u00e0rrega impedeix l\u201f\u00fas de l\u201fascensor si se supera el pes perm\u00e8s, augmentant la seguretat de tots.<\/p>\t\t\t\t\t\t\t\t<\/div>\n\t\t\t\t<\/div>\n\t\t\t\t<\/div>\n\t\t\t\t<\/div>\n\t\t\t\t\t<\/details>\n\t\t\t\t\t\t<details id=\"e-n-accordion-item-2153\" class=\"e-n-accordion-item\" >\n\t\t\t\t<summary class=\"e-n-accordion-item-title\" data-accordion-index=\"4\" tabindex=\"-1\" aria-expanded=\"false\" aria-controls=\"e-n-accordion-item-2153\" >\n\t\t\t\t\t<span class='e-n-accordion-item-title-header'><div class=\"e-n-accordion-item-title-text\"> El meu ascensor compleix les noves exig\u00e8ncies de la ITC? <\/div><\/span>\n\t\t\t\t\t\t\t<span class='e-n-accordion-item-title-icon'>\n\t\t\t<span class='e-opened' ><i aria-hidden=\"true\" class=\"helo-theme wcftheme-wcf-icon icon-wcf-chevron-down\"><\/i><\/span>\n\t\t\t<span class='e-closed'><i aria-hidden=\"true\" class=\"helo-theme wcftheme-wcf-icon icon-wcf-angle-down\"><\/i><\/span>\n\t\t<\/span>\n\n\t\t\t\t\t\t<\/summary>\n\t\t\t\t<div role=\"region\" aria-labelledby=\"e-n-accordion-item-2153\" class=\"elementor-element elementor-element-5574f8c e-con-full e-flex wcf-starter-animations-none e-con e-child\" data-id=\"5574f8c\" data-element_type=\"container\" data-e-type=\"container\" data-settings=\"{&quot;wcf-animation&quot;:&quot;none&quot;}\">\n\t\t<div role=\"region\" aria-labelledby=\"e-n-accordion-item-2153\" class=\"elementor-element elementor-element-16859ce e-con-full e-flex wcf-starter-animations-none e-con e-child\" data-id=\"16859ce\" data-element_type=\"container\" data-e-type=\"container\" data-settings=\"{&quot;wcf-animation&quot;:&quot;none&quot;}\">\n\t\t\t\t<div class=\"elementor-element elementor-element-d563bb2 wcf-starter-animations-none wcf-t-animation-none elementor-widget elementor-widget-text-editor\" data-id=\"d563bb2\" data-element_type=\"widget\" data-e-type=\"widget\" data-settings=\"{&quot;wcf_starter_animations&quot;:&quot;none&quot;,&quot;wcf_anim_duration&quot;:1000,&quot;wcf_anim_delay&quot;:0,&quot;wcf_anim_ease&quot;:&quot;ease&quot;,&quot;wcf_text_animation&quot;:&quot;none&quot;,&quot;wcf-animation&quot;:&quot;none&quot;}\" data-widget_type=\"text-editor.default\">\n\t\t\t\t<div class=\"elementor-widget-container\">\n\t\t\t\t\t\t\t\t\t<p>Contacta&#039;ns i t&#039;ajudarem a analitzar l&#039;estat del teu ascensor per adaptar-lo f\u00e0cilment a la nova normativa de seguretat.<\/p>\t\t\t\t\t\t\t\t<\/div>\n\t\t\t\t<\/div>\n\t\t\t\t<\/div>\n\t\t\t\t<\/div>\n\t\t\t\t\t<\/details>\n\t\t\t\t\t<\/div>\n\t\t\t\t\t\t<\/div>\n\t\t\t\t<\/div>\n\t\t\t\t<\/div>\n\t\t\t\t\t<\/div>\n\t\t\t\t<\/div>\n\t\t\t\t<\/div>","protected":false},"excerpt":{"rendered":"<p>Nueva Normativa ITC 2024 Desde el 1 de julio de 2024, todos los ascensores instalados en Espa\u00f1a deben cumplir con la nueva normativa ITC RD 355\/2024, cuyo objetivo es reforzar la seguridad y accesibilidad para los usuarios en edificios y comunidades. Si tienes dudas sobre si tu ascensor necesita ser actualizado, lo valoramos sin compromiso [&hellip;]<\/p>\n","protected":false},"author":1,"featured_media":0,"parent":0,"menu_order":0,"comment_status":"closed","ping_status":"closed","template":"elementor_header_footer","meta":{"footnotes":""},"folder":[16],"class_list":["post-4629","page","type-page","status-publish","hentry"],"_links":{"self":[{"href":"https:\/\/vertikalelevadores.com\/ca\/wp-json\/wp\/v2\/pages\/4629","targetHints":{"allow":["GET"]}}],"collection":[{"href":"https:\/\/vertikalelevadores.com\/ca\/wp-json\/wp\/v2\/pages"}],"about":[{"href":"https:\/\/vertikalelevadores.com\/ca\/wp-json\/wp\/v2\/types\/page"}],"author":[{"embeddable":true,"href":"https:\/\/vertikalelevadores.com\/ca\/wp-json\/wp\/v2\/users\/1"}],"replies":[{"embeddable":true,"href":"https:\/\/vertikalelevadores.com\/ca\/wp-json\/wp\/v2\/comments?post=4629"}],"version-history":[{"count":67,"href":"https:\/\/vertikalelevadores.com\/ca\/wp-json\/wp\/v2\/pages\/4629\/revisions"}],"predecessor-version":[{"id":4863,"href":"https:\/\/vertikalelevadores.com\/ca\/wp-json\/wp\/v2\/pages\/4629\/revisions\/4863"}],"wp:attachment":[{"href":"https:\/\/vertikalelevadores.com\/ca\/wp-json\/wp\/v2\/media?parent=4629"}],"wp:term":[{"taxonomy":"folder","embeddable":true,"href":"https:\/\/vertikalelevadores.com\/ca\/wp-json\/wp\/v2\/folder?post=4629"}],"curies":[{"name":"wp","href":"https:\/\/api.w.org\/{rel}","templated":true}]}}